{"id":2270,"date":"2022-07-15T11:30:20","date_gmt":"2022-07-15T09:30:20","guid":{"rendered":"https:\/\/www.antoinedufilho.com\/modele\/porsche-997-targa\/"},"modified":"2023-03-29T13:21:54","modified_gmt":"2023-03-29T11:21:54","slug":"porsche-997-targa","status":"publish","type":"modele","link":"https:\/\/www.antoinedufilho.com\/en\/modele-en\/porsche-997-targa\/","title":{"rendered":"Porsche 997 Targa"},"content":{"rendered":"<div class=\"wp-block-image\">\n<figure class=\"aligncenter size-large\"><img loading=\"lazy\" decoding=\"async\" width=\"1024\" height=\"352\" src=\"https:\/\/www.antoinedufilho.com\/wp-content\/uploads\/2022\/06\/mg7676-1024x352.png\" alt=\"\" class=\"wp-image-715\" srcset=\"https:\/\/www.antoinedufilho.com\/wp-content\/uploads\/2022\/06\/mg7676-1024x352.png 1024w, https:\/\/www.antoinedufilho.com\/wp-content\/uploads\/2022\/06\/mg7676-300x103.png 300w, https:\/\/www.antoinedufilho.com\/wp-content\/uploads\/2022\/06\/mg7676-768x264.png 768w, https:\/\/www.antoinedufilho.com\/wp-content\/uploads\/2022\/06\/mg7676-1536x528.png 1536w, https:\/\/www.antoinedufilho.com\/wp-content\/uploads\/2022\/06\/mg7676-2048x704.png 2048w\" sizes=\"auto, (max-width: 1024px) 100vw, 1024px\" \/><\/figure><\/div><div class=\"wp-block-image\">\n<figure class=\"aligncenter size-large\"><img loading=\"lazy\" decoding=\"async\" width=\"1024\" height=\"352\" src=\"https:\/\/www.antoinedufilho.com\/wp-content\/uploads\/2022\/07\/porsche-9977-1024x352.png\" alt=\"\" class=\"wp-image-724\" srcset=\"https:\/\/www.antoinedufilho.com\/wp-content\/uploads\/2022\/07\/porsche-9977-1024x352.png 1024w, https:\/\/www.antoinedufilho.com\/wp-content\/uploads\/2022\/07\/porsche-9977-300x103.png 300w, https:\/\/www.antoinedufilho.com\/wp-content\/uploads\/2022\/07\/porsche-9977-768x264.png 768w, https:\/\/www.antoinedufilho.com\/wp-content\/uploads\/2022\/07\/porsche-9977-1536x528.png 1536w, https:\/\/www.antoinedufilho.com\/wp-content\/uploads\/2022\/07\/porsche-9977-2048x704.png 2048w\" sizes=\"auto, (max-width: 1024px) 100vw, 1024px\" \/><\/figure><\/div>\n<div style=\"height:100px\" aria-hidden=\"true\" class=\"wp-block-spacer\"><\/div>\n\n<div class=\"wp-block-columns is-layout-flex wp-container-core-columns-is-layout-9d6595d7 wp-block-columns-is-layout-flex\">\n<div class=\"wp-block-column is-layout-flow wp-block-column-is-layout-flow\" style=\"flex-basis:100%\"><\/div>\n<\/div>\n\n<h1 class=\"has-text-align-center wp-block-heading\"><strong>TARGA<\/strong><\/h1>\n\n<p class=\"has-text-align-center\">Apparue dans les concessions en <strong>2004<\/strong>, elle est la sixi\u00e8me g\u00e9n\u00e9ration de Porsche 911, voiture sportive de prestige d\u00e9velopp\u00e9e par le constructeur allemand.<\/p>\n\n<p class=\"has-text-align-center\"><br\/>C\u2019est la 911 qui conna\u00eet<strong> le plus fort succ\u00e8s<\/strong> puisqu&#8217;au troisi\u00e8me trimestre de 2007, 100 000 exemplaires ont \u00e9t\u00e9 vendus.<br\/>Mon interpr\u00e9tation de cette porsche se livre ici dans une <strong>couleur tr\u00e8s tonique<\/strong> qui souligne sa modernit\u00e9.<\/p>\n\n<p class=\"has-text-align-center\"><br\/>Les espaces entre les plaques augmentent et diminuent progressivement afin de procurer un <strong>effet d\u2019acc\u00e9l\u00e9ration<\/strong>.<\/p>\n\n<p class=\"has-text-align-center\"><br\/>Lorsque le spectateur se d\u00e9place en l\u2019admirant, cette sculpture est comme propuls\u00e9e dans l\u2019espace et <strong>semble en mouvement<\/strong>.<\/p>\n\n\n    <div class=\"block__slideshow align\" >\n\n        <div class=\"block__slideshow__for\">\n                                                <img decoding=\"async\" class=\"block__carousel__img\" src=\"https:\/\/www.antoinedufilho.com\/wp-content\/uploads\/2022\/07\/porsche-997-vipergrun-003-1920x1080-c-1.jpeg\" alt=\"\">\n                                                                                <img decoding=\"async\" class=\"block__carousel__img\" src=\"https:\/\/www.antoinedufilho.com\/wp-content\/uploads\/2022\/06\/detourage-997-vert-profil-3025x-1920x1080-c-1.jpg\" alt=\"\">\n                                                                                <img decoding=\"async\" class=\"block__carousel__img\" src=\"https:\/\/www.antoinedufilho.com\/wp-content\/uploads\/2022\/07\/porsche-997-vipergrun-002-1920x1080-c-1.jpeg\" alt=\"\">\n                                                    <\/div>\n\n       <div class=\"block__slideshow__nav\">\n                                             <img decoding=\"async\" class=\"block__carousel__img\" src=\"https:\/\/www.antoinedufilho.com\/wp-content\/uploads\/2022\/07\/porsche-997-vipergrun-003-192x108-c-1.jpeg\" alt=\"\">\n                                                                           <img decoding=\"async\" class=\"block__carousel__img\" src=\"https:\/\/www.antoinedufilho.com\/wp-content\/uploads\/2022\/06\/detourage-997-vert-profil-3025x-192x108-c-1.jpg\" alt=\"\">\n                                                                           <img decoding=\"async\" class=\"block__carousel__img\" src=\"https:\/\/www.antoinedufilho.com\/wp-content\/uploads\/2022\/07\/porsche-997-vipergrun-002-192x108-c-1.jpeg\" alt=\"\">\n                                                <\/div>\n\n    <\/div>\n","protected":false},"excerpt":{"rendered":"<p>TARGA Apparue dans les concessions en 2004, elle est la sixi\u00e8me g\u00e9n\u00e9ration de Porsche 911, voiture sportive de prestige d\u00e9velopp\u00e9e par le constructeur allemand. C\u2019est la 911 qui conna\u00eet le plus fort succ\u00e8s puisqu&#8217;au troisi\u00e8me trimestre de 2007, 100 000 exemplaires ont \u00e9t\u00e9 vendus.Mon interpr\u00e9tation de cette porsche se livre ici dans une couleur tr\u00e8s [&hellip;]<\/p>\n","protected":false},"featured_media":1569,"template":"","technique":[5],"theme":[9],"couleur":[49],"class_list":["post-2270","modele","type-modele","status-publish","has-post-thumbnail","hentry","technique-sheet","theme-car","couleur-green"],"acf":[],"yoast_head":"<!-- This site is optimized with the Yoast SEO plugin v27.5 - https:\/\/yoast.com\/product\/yoast-seo-wordpress\/ -->\n<title>Porsche 997 Targa - Antoine Dufilho<\/title>\n<meta name=\"description\" content=\"Sculpture of a Porsche 911 type 997 targa\" \/>\n<meta name=\"robots\" content=\"index, follow, max-snippet:-1, max-image-preview:large, max-video-preview:-1\" \/>\n<link rel=\"canonical\" href=\"https:\/\/www.antoinedufilho.com\/en\/modele-en\/porsche-997-targa\/\" \/>\n<meta property=\"og:locale\" content=\"en_US\" \/>\n<meta property=\"og:type\" content=\"article\" \/>\n<meta property=\"og:title\" content=\"Porsche 997 Targa - Antoine Dufilho\" \/>\n<meta property=\"og:description\" content=\"Sculpture of a Porsche 911 type 997 targa\" \/>\n<meta property=\"og:url\" content=\"https:\/\/www.antoinedufilho.com\/en\/modele-en\/porsche-997-targa\/\" \/>\n<meta property=\"og:site_name\" content=\"Antoine Dufilho\" \/>\n<meta property=\"article:modified_time\" content=\"2023-03-29T11:21:54+00:00\" \/>\n<meta property=\"og:image\" content=\"https:\/\/www.antoinedufilho.com\/wp-content\/uploads\/2022\/07\/porsche-997-vipergrun-001.jpeg\" \/>\n\t<meta property=\"og:image:width\" content=\"1920\" \/>\n\t<meta property=\"og:image:height\" content=\"1281\" \/>\n\t<meta property=\"og:image:type\" content=\"image\/jpeg\" \/>\n<meta name=\"twitter:card\" content=\"summary_large_image\" \/>\n<meta name=\"twitter:label1\" content=\"Est. reading time\" \/>\n\t<meta name=\"twitter:data1\" content=\"1 minute\" \/>\n<script type=\"application\/ld+json\" class=\"yoast-schema-graph\">{\"@context\":\"https:\\\/\\\/schema.org\",\"@graph\":[{\"@type\":\"WebPage\",\"@id\":\"https:\\\/\\\/www.antoinedufilho.com\\\/en\\\/modele-en\\\/porsche-997-targa\\\/\",\"url\":\"https:\\\/\\\/www.antoinedufilho.com\\\/en\\\/modele-en\\\/porsche-997-targa\\\/\",\"name\":\"Porsche 997 Targa - Antoine Dufilho\",\"isPartOf\":{\"@id\":\"https:\\\/\\\/www.antoinedufilho.com\\\/en\\\/#website\"},\"primaryImageOfPage\":{\"@id\":\"https:\\\/\\\/www.antoinedufilho.com\\\/en\\\/modele-en\\\/porsche-997-targa\\\/#primaryimage\"},\"image\":{\"@id\":\"https:\\\/\\\/www.antoinedufilho.com\\\/en\\\/modele-en\\\/porsche-997-targa\\\/#primaryimage\"},\"thumbnailUrl\":\"https:\\\/\\\/www.antoinedufilho.com\\\/wp-content\\\/uploads\\\/2022\\\/07\\\/porsche-997-vipergrun-001.jpeg\",\"datePublished\":\"2022-07-15T09:30:20+00:00\",\"dateModified\":\"2023-03-29T11:21:54+00:00\",\"description\":\"Sculpture of a Porsche 911 type 997 targa\",\"breadcrumb\":{\"@id\":\"https:\\\/\\\/www.antoinedufilho.com\\\/en\\\/modele-en\\\/porsche-997-targa\\\/#breadcrumb\"},\"inLanguage\":\"en-US\",\"potentialAction\":[{\"@type\":\"ReadAction\",\"target\":[\"https:\\\/\\\/www.antoinedufilho.com\\\/en\\\/modele-en\\\/porsche-997-targa\\\/\"]}]},{\"@type\":\"ImageObject\",\"inLanguage\":\"en-US\",\"@id\":\"https:\\\/\\\/www.antoinedufilho.com\\\/en\\\/modele-en\\\/porsche-997-targa\\\/#primaryimage\",\"url\":\"https:\\\/\\\/www.antoinedufilho.com\\\/wp-content\\\/uploads\\\/2022\\\/07\\\/porsche-997-vipergrun-001.jpeg\",\"contentUrl\":\"https:\\\/\\\/www.antoinedufilho.com\\\/wp-content\\\/uploads\\\/2022\\\/07\\\/porsche-997-vipergrun-001.jpeg\",\"width\":1920,\"height\":1281},{\"@type\":\"BreadcrumbList\",\"@id\":\"https:\\\/\\\/www.antoinedufilho.com\\\/en\\\/modele-en\\\/porsche-997-targa\\\/#breadcrumb\",\"itemListElement\":[{\"@type\":\"ListItem\",\"position\":1,\"name\":\"Home\",\"item\":\"https:\\\/\\\/www.antoinedufilho.com\\\/en\\\/\"},{\"@type\":\"ListItem\",\"position\":2,\"name\":\"Mod\u00e8les\",\"item\":\"https:\\\/\\\/www.antoinedufilho.com\\\/en\\\/modele-en\\\/\"},{\"@type\":\"ListItem\",\"position\":3,\"name\":\"Porsche 997 Targa\"}]},{\"@type\":\"WebSite\",\"@id\":\"https:\\\/\\\/www.antoinedufilho.com\\\/en\\\/#website\",\"url\":\"https:\\\/\\\/www.antoinedufilho.com\\\/en\\\/\",\"name\":\"Antoine Dufilho\",\"description\":\"Antoine Dufilho est un sculpteur autodidacte fran\u00e7ais.\",\"potentialAction\":[{\"@type\":\"SearchAction\",\"target\":{\"@type\":\"EntryPoint\",\"urlTemplate\":\"https:\\\/\\\/www.antoinedufilho.com\\\/en\\\/?s={search_term_string}\"},\"query-input\":{\"@type\":\"PropertyValueSpecification\",\"valueRequired\":true,\"valueName\":\"search_term_string\"}}],\"inLanguage\":\"en-US\"}]}<\/script>\n<!-- \/ Yoast SEO plugin. -->","yoast_head_json":{"title":"Porsche 997 Targa - Antoine Dufilho","description":"Sculpture of a Porsche 911 type 997 targa","robots":{"index":"index","follow":"follow","max-snippet":"max-snippet:-1","max-image-preview":"max-image-preview:large","max-video-preview":"max-video-preview:-1"},"canonical":"https:\/\/www.antoinedufilho.com\/en\/modele-en\/porsche-997-targa\/","og_locale":"en_US","og_type":"article","og_title":"Porsche 997 Targa - Antoine Dufilho","og_description":"Sculpture of a Porsche 911 type 997 targa","og_url":"https:\/\/www.antoinedufilho.com\/en\/modele-en\/porsche-997-targa\/","og_site_name":"Antoine Dufilho","article_modified_time":"2023-03-29T11:21:54+00:00","og_image":[{"width":1920,"height":1281,"url":"https:\/\/www.antoinedufilho.com\/wp-content\/uploads\/2022\/07\/porsche-997-vipergrun-001.jpeg","type":"image\/jpeg"}],"twitter_card":"summary_large_image","twitter_misc":{"Est. reading time":"1 minute"},"schema":{"@context":"https:\/\/schema.org","@graph":[{"@type":"WebPage","@id":"https:\/\/www.antoinedufilho.com\/en\/modele-en\/porsche-997-targa\/","url":"https:\/\/www.antoinedufilho.com\/en\/modele-en\/porsche-997-targa\/","name":"Porsche 997 Targa - Antoine Dufilho","isPartOf":{"@id":"https:\/\/www.antoinedufilho.com\/en\/#website"},"primaryImageOfPage":{"@id":"https:\/\/www.antoinedufilho.com\/en\/modele-en\/porsche-997-targa\/#primaryimage"},"image":{"@id":"https:\/\/www.antoinedufilho.com\/en\/modele-en\/porsche-997-targa\/#primaryimage"},"thumbnailUrl":"https:\/\/www.antoinedufilho.com\/wp-content\/uploads\/2022\/07\/porsche-997-vipergrun-001.jpeg","datePublished":"2022-07-15T09:30:20+00:00","dateModified":"2023-03-29T11:21:54+00:00","description":"Sculpture of a Porsche 911 type 997 targa","breadcrumb":{"@id":"https:\/\/www.antoinedufilho.com\/en\/modele-en\/porsche-997-targa\/#breadcrumb"},"inLanguage":"en-US","potentialAction":[{"@type":"ReadAction","target":["https:\/\/www.antoinedufilho.com\/en\/modele-en\/porsche-997-targa\/"]}]},{"@type":"ImageObject","inLanguage":"en-US","@id":"https:\/\/www.antoinedufilho.com\/en\/modele-en\/porsche-997-targa\/#primaryimage","url":"https:\/\/www.antoinedufilho.com\/wp-content\/uploads\/2022\/07\/porsche-997-vipergrun-001.jpeg","contentUrl":"https:\/\/www.antoinedufilho.com\/wp-content\/uploads\/2022\/07\/porsche-997-vipergrun-001.jpeg","width":1920,"height":1281},{"@type":"BreadcrumbList","@id":"https:\/\/www.antoinedufilho.com\/en\/modele-en\/porsche-997-targa\/#breadcrumb","itemListElement":[{"@type":"ListItem","position":1,"name":"Home","item":"https:\/\/www.antoinedufilho.com\/en\/"},{"@type":"ListItem","position":2,"name":"Mod\u00e8les","item":"https:\/\/www.antoinedufilho.com\/en\/modele-en\/"},{"@type":"ListItem","position":3,"name":"Porsche 997 Targa"}]},{"@type":"WebSite","@id":"https:\/\/www.antoinedufilho.com\/en\/#website","url":"https:\/\/www.antoinedufilho.com\/en\/","name":"Antoine Dufilho","description":"Antoine Dufilho est un sculpteur autodidacte fran\u00e7ais.","potentialAction":[{"@type":"SearchAction","target":{"@type":"EntryPoint","urlTemplate":"https:\/\/www.antoinedufilho.com\/en\/?s={search_term_string}"},"query-input":{"@type":"PropertyValueSpecification","valueRequired":true,"valueName":"search_term_string"}}],"inLanguage":"en-US"}]}},"_links":{"self":[{"href":"https:\/\/www.antoinedufilho.com\/en\/wp-json\/wp\/v2\/modele\/2270","targetHints":{"allow":["GET"]}}],"collection":[{"href":"https:\/\/www.antoinedufilho.com\/en\/wp-json\/wp\/v2\/modele"}],"about":[{"href":"https:\/\/www.antoinedufilho.com\/en\/wp-json\/wp\/v2\/types\/modele"}],"wp:featuredmedia":[{"embeddable":true,"href":"https:\/\/www.antoinedufilho.com\/en\/wp-json\/wp\/v2\/media\/1569"}],"wp:attachment":[{"href":"https:\/\/www.antoinedufilho.com\/en\/wp-json\/wp\/v2\/media?parent=2270"}],"wp:term":[{"taxonomy":"technique","embeddable":true,"href":"https:\/\/www.antoinedufilho.com\/en\/wp-json\/wp\/v2\/technique?post=2270"},{"taxonomy":"theme","embeddable":true,"href":"https:\/\/www.antoinedufilho.com\/en\/wp-json\/wp\/v2\/theme?post=2270"},{"taxonomy":"couleur","embeddable":true,"href":"https:\/\/www.antoinedufilho.com\/en\/wp-json\/wp\/v2\/couleur?post=2270"}],"curies":[{"name":"wp","href":"https:\/\/api.w.org\/{rel}","templated":true}]}}